{"id":92,"date":"2023-05-15T17:37:52","date_gmt":"2023-05-15T15:37:52","guid":{"rendered":"https:\/\/abrejou.fr\/?page_id=92"},"modified":"2026-02-03T16:34:53","modified_gmt":"2026-02-03T15:34:53","slug":"nos-tarifs-2","status":"publish","type":"page","link":"https:\/\/abrejou.fr\/?page_id=92","title":{"rendered":"Nos tarifs"},"content":{"rendered":"\n<p class=\"has-text-align-right\"><strong>La nuit\u00e9e, petit d\u00e9jeuner inclus  : 90 euros pour une ou deux personnes<\/strong><\/p>\n\n\n\n<p class=\"has-text-align-right\"><em>+ 17 euros pour un enfant suppl\u00e9mentaire<\/em><\/p>\n\n\n\n<p class=\"has-text-align-right\"><\/p>\n\n\n\n<figure class=\"wp-block-image size-large wp-duotone-000000-ffffff-1\"><img loading=\"lazy\" decoding=\"async\" width=\"1024\" height=\"768\" src=\"https:\/\/abrejou.fr\/wp-content\/uploads\/2023\/05\/Salon-1024x768.jpg\" alt=\"\" class=\"wp-image-39\" srcset=\"https:\/\/abrejou.fr\/wp-content\/uploads\/2023\/05\/Salon-1024x768.jpg 1024w, https:\/\/abrejou.fr\/wp-content\/uploads\/2023\/05\/Salon-300x225.jpg 300w, https:\/\/abrejou.fr\/wp-content\/uploads\/2023\/05\/Salon-768x576.jpg 768w, https:\/\/abrejou.fr\/wp-content\/uploads\/2023\/05\/Salon-1536x1152.jpg 1536w, https:\/\/abrejou.fr\/wp-content\/uploads\/2023\/05\/Salon-2048x1536.jpg 2048w\" sizes=\"auto, (max-width: 1024px) 100vw, 1024px\" \/><\/figure>\n\n\n\n<p><\/p>\n\n\n<div class=\"wp-block-site-logo\"><a href=\"https:\/\/abrejou.fr\/\" class=\"custom-logo-link\" rel=\"home\"><img loading=\"lazy\" decoding=\"async\" width=\"120\" height=\"77\" src=\"https:\/\/abrejou.fr\/wp-content\/uploads\/2023\/05\/logo-feuille-velo.pub2_.png\" class=\"custom-logo\" alt=\"WordPress\" srcset=\"https:\/\/abrejou.fr\/wp-content\/uploads\/2023\/05\/logo-feuille-velo.pub2_.png 1004w, https:\/\/abrejou.fr\/wp-content\/uploads\/2023\/05\/logo-feuille-velo.pub2_-300x195.png 300w, https:\/\/abrejou.fr\/wp-content\/uploads\/2023\/05\/logo-feuille-velo.pub2_-768x499.png 768w\" sizes=\"auto, (max-width: 120px) 100vw, 120px\" \/><\/a><\/div>\n\n<p class=\"wp-block-site-tagline\">L&#039;Abrejou &#8211; Chambre d&#039;h\u00f4tes en Bourbonnais &#8211; Allier &#8211; Auvergne<\/p>","protected":false},"excerpt":{"rendered":"<p>La nuit\u00e9e, petit d\u00e9jeuner inclus : 90 euros pour une ou deux personnes + 17 euros pour un enfant suppl\u00e9mentaire<\/p>\n","protected":false},"author":1,"featured_media":0,"parent":0,"menu_order":0,"comment_status":"closed","ping_status":"closed","template":"","meta":{"footnotes":""},"class_list":["post-92","page","type-page","status-publish","hentry"],"_links":{"self":[{"href":"https:\/\/abrejou.fr\/index.php?rest_route=\/wp\/v2\/pages\/92","targetHints":{"allow":["GET"]}}],"collection":[{"href":"https:\/\/abrejou.fr\/index.php?rest_route=\/wp\/v2\/pages"}],"about":[{"href":"https:\/\/abrejou.fr\/index.php?rest_route=\/wp\/v2\/types\/page"}],"author":[{"embeddable":true,"href":"https:\/\/abrejou.fr\/index.php?rest_route=\/wp\/v2\/users\/1"}],"replies":[{"embeddable":true,"href":"https:\/\/abrejou.fr\/index.php?rest_route=%2Fwp%2Fv2%2Fcomments&post=92"}],"version-history":[{"count":4,"href":"https:\/\/abrejou.fr\/index.php?rest_route=\/wp\/v2\/pages\/92\/revisions"}],"predecessor-version":[{"id":119,"href":"https:\/\/abrejou.fr\/index.php?rest_route=\/wp\/v2\/pages\/92\/revisions\/119"}],"wp:attachment":[{"href":"https:\/\/abrejou.fr\/index.php?rest_route=%2Fwp%2Fv2%2Fmedia&parent=92"}],"curies":[{"name":"wp","href":"https:\/\/api.w.org\/{rel}","templated":true}]}}